{"id":23596,"date":"2018-02-28T11:57:59","date_gmt":"2018-02-28T11:57:59","guid":{"rendered":"https:\/\/www.portugalinternet.com\/?page_id=23596"},"modified":"2025-12-26T15:17:51","modified_gmt":"2025-12-26T15:17:51","slug":"last-minute","status":"publish","type":"page","link":"https:\/\/www.portugalinternet.com\/es\/last-minute\/","title":{"rendered":"\u00daLTIMO MINUTO"},"content":{"rendered":"<p>[vc_row type=\u00bbgrid\u00bb background_color=\u00bb#ffffff\u00bb padding_top=\u00bb150&#8243; padding_bottom=\u00bb10&#8243;][vc_column][vc_row_inner type=\u00bbgrid\u00bb padding_bottom=\u00bb60&#8243;][vc_column_inner][vc_column_text]<\/p>\n<h1>ALQUILER DE \u201c\u00daLTIMO MINUTO\u201d<\/h1>\n<p>&nbsp;<\/p>\n<p>Necesitamos generalmente 1 o 2 d\u00edas laborales para el proceso, el env\u00edo y la entrega.<\/p>\n<p>Si necesita del servicio antes, tiene disponible esta opci\u00f3n de \u00ab\u00faltimo minuto\u00bb.[\/vc_column_text][vc_empty_space height=\u00bb60px\u00bb][\/vc_column_inner][\/vc_row_inner][vc_row_inner type=\u00bbgrid\u00bb padding_bottom=\u00bb20&#8243;][vc_column_inner][vc_column_text]<\/p>\n<h2>\u00bfC\u00d3MO HACER UN ALQUILER DE \u00ab\u00daLTIMO MINUTO\u00bb?<\/h2>\n<p>[\/vc_column_text][vc_empty_space][vc_column_text]1. Elija la opci\u00f3n \u00ab\u00daltimo Minuto\u00bb al hacer la reserva.<\/p>\n<p style=\"padding-left: 30px;\">&#8211; Podr\u00e1 elegir cualquier fecha de inicio.<\/p>\n<p style=\"padding-left: 30px;\">&#8211; S\u00f3lo los puntos de recogida de \u00ab\u00faltimo minuto\u00bb estar\u00e1n disponibles.<\/p>\n<p>&nbsp;<\/p>\n<p>2. Dir\u00edjase al punto de recogida elegido y recoja all\u00ed.[\/vc_column_text][vc_empty_space][\/vc_column_inner][\/vc_row_inner][\/vc_column][\/vc_row][vc_row type=\u00bbgrid\u00bb background_color=\u00bb#f5f5f5&#8243; padding_bottom=\u00bb30&#8243;][vc_column][vc_row_inner type=\u00bbgrid\u00bb padding_bottom=\u00bb20&#8243;][vc_column_inner][vc_empty_space height=\u00bb40px\u00bb][vc_column_text]<\/p>\n<h2>LA RECOGIDA DE \u00ab\u00daLTIMO MINUTO\u00bb EST\u00c1 DISPONIBLE EN:<\/h2>\n<p>(El pedido debe realizarse en la web antes de recogerlo)[\/vc_column_text][\/vc_column_inner][\/vc_row_inner][vc_row_inner type=\u00bbgrid\u00bb padding_bottom=\u00bb20&#8243;][vc_column_inner][vc_empty_space height=\u00bb40px\u00bb][\/vc_column_inner][\/vc_row_inner][vc_row_inner type=\u00bbgrid\u00bb padding_bottom=\u00bb20&#8243;][vc_column_inner][vc_empty_space height=\u00bb40px\u00bb][\/vc_column_inner][\/vc_row_inner][vc_row_inner type=\u00bbgrid\u00bb padding_top=\u00bb40&#8243;][vc_column_inner width=\u00bb1\/3&#8243;][vc_column_text]<\/p>\n<h5><span style=\"color: #ff9900;\">LISBOA<\/span><\/h5>\n<p>[\/vc_column_text][\/vc_column_inner][vc_column_inner width=\u00bb1\/3&#8243;][\/vc_column_inner][vc_column_inner width=\u00bb1\/3&#8243;][\/vc_column_inner][\/vc_row_inner][vc_row_inner type=\u00bbgrid\u00bb padding_bottom=\u00bb20&#8243;][vc_column_inner][vc_empty_space height=\u00bb40px\u00bb][\/vc_column_inner][\/vc_row_inner][vc_row_inner padding_top=\u00bb0&#8243; padding_bottom=\u00bb40&#8243;][vc_column_inner width=\u00bb1\/3&#8243;][vc_column_text]<strong>Punto de recogida<\/strong><br \/>\nLaser Store[\/vc_column_text][vc_empty_space height=\u00bb16px\u00bb][vc_column_text]<strong>Direcci\u00f3n<\/strong><br \/>\nRua Jos\u00e9 D\u00b4Esaguy 12A\/B<br \/>\nLisboa[\/vc_column_text][vc_empty_space height=\u00bb16px\u00bb][vc_column_text]<strong>Horario de apertura:<\/strong><br \/>\n10:00 &#8211; 14:00 ; 15:00 &#8211; 17:00 Lunes a Viernes<br \/>\nCerrado los Fines de Semana y D\u00edas Festivos[\/vc_column_text][vc_empty_space height=\u00bb16px\u00bb][\/vc_column_inner][vc_column_inner width=\u00bb1\/3&#8243;][vc_gmaps link=\u00bb#E-8_JTNDaWZyYW1lJTIwc3JjJTNEJTIyaHR0cHMlM0ElMkYlMkZ3d3cuZ29vZ2xlLmNvbSUyRm1hcHMlMkZlbWJlZCUzRnBiJTNEJTIxMW0xNCUyMTFtOCUyMTFtMyUyMTFkMTI0NDUuNTE3MzExMDc1NTk5JTIxMmQtOS4xNDE4Nzk1JTIxM2QzOC43NTUwMDI5JTIxM20yJTIxMWkxMDI0JTIxMmk3NjglMjE0ZjEzLjElMjEzbTMlMjExbTIlMjExczB4MCUyNTNBMHhkZTE0ZTQxYTVjYmI1ZDU0JTIxMnNMYXNlciUyNTIwU3RvcmUlMjE1ZTAlMjEzbTIlMjExc2VuJTIxMnNwdCUyMTR2MTYyNjc5MjU2OTMxNCUyMTVtMiUyMTFzZXMtRVMlMjEyc3B0JTIyJTIwd2lkdGglM0QlMjI2MDAlMjIlMjBoZWlnaHQlM0QlMjI0NTAlMjIlMjBzdHlsZSUzRCUyMmJvcmRlciUzQTAlM0IlMjIlMjBhbGxvd2Z1bGxzY3JlZW4lM0QlMjIlMjIlMjBsb2FkaW5nJTNEJTIybGF6eSUyMiUzRSUzQyUyRmlmcmFtZSUzRQ==\u00bb size=\u00bb250&#8243;][\/vc_column_inner][vc_column_inner width=\u00bb1\/3&#8243;][\/vc_column_inner][\/vc_row_inner][vc_row_inner type=\u00bbgrid\u00bb padding_bottom=\u00bb20&#8243;][vc_column_inner][vc_empty_space height=\u00bb40px\u00bb][\/vc_column_inner][\/vc_row_inner][vc_row_inner padding_top=\u00bb0&#8243; padding_bottom=\u00bb40&#8243;][vc_column_inner width=\u00bb1\/3&#8243;][vc_column_text]<strong>Punto de recogida<\/strong><br \/>\nLiving Tours[\/vc_column_text][vc_empty_space height=\u00bb16px\u00bb][vc_column_text]<strong>Direcci\u00f3n<\/strong><br \/>\nRua\u00a0da Concei\u00e7\u00e3o 23<br \/>\nLisboa[\/vc_column_text][vc_empty_space height=\u00bb16px\u00bb][vc_column_text]<strong>Horario de apertura:<\/strong><br \/>\n08:00 &#8211; 18:00 Cada d\u00eda[\/vc_column_text][vc_empty_space height=\u00bb16px\u00bb][\/vc_column_inner][vc_column_inner width=\u00bb1\/3&#8243;][vc_gmaps link=\u00bb#E-8_JTNDaWZyYW1lJTIwc3JjJTNEJTIyaHR0cHMlM0ElMkYlMkZ3d3cuZ29vZ2xlLmNvbSUyRm1hcHMlMkZlbWJlZCUzRnBiJTNEJTIxMW0xNCUyMTFtOCUyMTFtMyUyMTFkMTI0NTMuMzc2Nzg3MjEzMjglMjEyZC05LjEzNTc5NjclMjEzZDM4LjcwOTkwNTklMjEzbTIlMjExaTEwMjQlMjEyaTc2OCUyMTRmMTMuMSUyMTNtMyUyMTFtMiUyMTFzMHgwJTI1M0EweDJiOTZhZDE2NzU5Y2I5MGYlMjEyc0xpdmluZyUyNTIwVG91cnMlMjUyMC0lMjUyMExpc2JvYSUyMTVlMCUyMTNtMiUyMTFzZXMlMjEyc3B0JTIxNHYxNjYzMTQ5MTAzMzAyJTIxNW0yJTIxMXNlcyUyMTJzcHQlMjIlMjB3aWR0aCUzRCUyMjYwMCUyMiUyMGhlaWdodCUzRCUyMjQ1MCUyMiUyMHN0eWxlJTNEJTIyYm9yZGVyJTNBMCUzQiUyMiUyMGFsbG93ZnVsbHNjcmVlbiUzRCUyMiUyMiUyMGxvYWRpbmclM0QlMjJsYXp5JTIyJTIwcmVmZXJyZXJwb2xpY3klM0QlMjJuby1yZWZlcnJlci13aGVuLWRvd25ncmFkZSUyMiUzRSUzQyUyRmlmcmFtZSUzRQ==\u00bb size=\u00bb250&#8243;][\/vc_column_inner][vc_column_inner width=\u00bb1\/3&#8243;][\/vc_column_inner][\/vc_row_inner][vc_row_inner type=\u00bbgrid\u00bb padding_bottom=\u00bb20&#8243;][vc_column_inner][vc_empty_space height=\u00bb40px\u00bb][\/vc_column_inner][\/vc_row_inner][vc_row_inner type=\u00bbgrid\u00bb padding_bottom=\u00bb20&#8243;][vc_column_inner][vc_empty_space height=\u00bb40px\u00bb][\/vc_column_inner][\/vc_row_inner][vc_row_inner type=\u00bbgrid\u00bb padding_top=\u00bb40&#8243;][vc_column_inner width=\u00bb1\/3&#8243;][vc_column_text]<\/p>\n<h5><span style=\"color: #ff9900;\">PORTO<\/span><\/h5>\n<p>[\/vc_column_text][\/vc_column_inner][vc_column_inner width=\u00bb1\/3&#8243;][\/vc_column_inner][vc_column_inner width=\u00bb1\/3&#8243;][\/vc_column_inner][\/vc_row_inner][vc_row_inner type=\u00bbgrid\u00bb padding_bottom=\u00bb20&#8243;][vc_column_inner][vc_empty_space height=\u00bb40px\u00bb][\/vc_column_inner][\/vc_row_inner][vc_row_inner padding_top=\u00bb0&#8243; padding_bottom=\u00bb40&#8243;][vc_column_inner width=\u00bb1\/3&#8243;][vc_column_text]<strong>Punto de recogida<\/strong><br \/>\nLiving Tours[\/vc_column_text][vc_empty_space height=\u00bb16px\u00bb][vc_column_text]<strong>Direcci\u00f3n<\/strong><br \/>\nRua Mouzinho da Silveira 352<br \/>\nPorto[\/vc_column_text][vc_empty_space height=\u00bb16px\u00bb][vc_column_text]<strong>Horario de apertura:<\/strong><br \/>\n08:00 \u2013 17:30 Cada d\u00eda[\/vc_column_text][vc_empty_space height=\u00bb16px\u00bb][\/vc_column_inner][vc_column_inner width=\u00bb1\/3&#8243;][vc_gmaps link=\u00bb#E-8_JTNDaWZyYW1lJTIwc3R5bGUlM0QlMjJib3JkZXIlM0EwJTNCJTIyJTIwYWxsb3dmdWxsc2NyZWVuJTNEJTIyJTIyJTIwbG9hZGluZyUzRCUyMmxhenklMjIlMjBzcmMlM0QlMjJodHRwcyUzQSUyRiUyRnd3dy5nb29nbGUuY29tJTJGbWFwcyUyRmVtYmVkJTNGcGIlM0QlMjExbTE0JTIxMW04JTIxMW0zJTIxMWQxMjAxOC4xMDU1NTM2ODY5MSUyMTJkLTguNjExMDcwNCUyMTNkNDEuMTQ0ODYzOSUyMTNtMiUyMTFpMTAyNCUyMTJpNzY4JTIxNGYxMy4xJTIxM20zJTIxMW0yJTIxMXMweDAlMjUzQTB4YjI2MGU1ODE5Nzg0YWFhZCUyMTJzTGl2aW5nJTI1MjBUb3VycyUyMTVlMCUyMTNtMiUyMTFzJTIxMnNwdCUyMTR2MTYyMjA0MDA3NzM5NSUyMTVtMiUyMTFzZXMtRVMlMjEyc3B0JTIyJTIwd2lkdGglM0QlMjI2MDAlMjIlMjBoZWlnaHQlM0QlMjI0NTAlMjIlM0UlM0MlMkZpZnJhbWUlM0U=\u00bb size=\u00bb250&#8243;][\/vc_column_inner][vc_column_inner width=\u00bb1\/3&#8243;][\/vc_column_inner][\/vc_row_inner][vc_row_inner type=\u00bbgrid\u00bb padding_bottom=\u00bb20&#8243;][vc_column_inner][vc_empty_space height=\u00bb40px\u00bb][\/vc_column_inner][\/vc_row_inner][vc_row_inner padding_top=\u00bb0&#8243; padding_bottom=\u00bb40&#8243;][vc_column_inner width=\u00bb1\/3&#8243;][vc_column_text]<strong>Punto de recogida<\/strong><br \/>\nGelataria Sincelo[\/vc_column_text][vc_empty_space height=\u00bb16px\u00bb][vc_column_text]<strong>Direcci\u00f3n<\/strong><br \/>\nRua de Ceuta 54<br \/>\nPorto[\/vc_column_text][vc_empty_space height=\u00bb16px\u00bb][vc_column_text]<strong>Horario de apertura:<\/strong><br \/>\n15:00 &#8211; 23:00 Lunes a Jueves<br \/>\n14:00 &#8211; 01:00 Viernes y S\u00e1bado<br \/>\n14:00 &#8211; 00:00 Domingo[\/vc_column_text][vc_empty_space height=\u00bb16px\u00bb][\/vc_column_inner][vc_column_inner width=\u00bb1\/3&#8243;][vc_gmaps link=\u00bb#E-8_JTNDaWZyYW1lJTIwc3JjJTNEJTIyaHR0cHMlM0ElMkYlMkZ3d3cuZ29vZ2xlLmNvbSUyRm1hcHMlMkZlbWJlZCUzRnBiJTNEJTIxMW0xNCUyMTFtOCUyMTFtMyUyMTFkMTIwMTcuNDU3MzAxODc0MzQ5JTIxMmQtOC42MTM4NzcxJTIxM2Q0MS4xNDg0MDA5JTIxM20yJTIxMWkxMDI0JTIxMmk3NjglMjE0ZjEzLjElMjEzbTMlMjExbTIlMjExczB4MCUyNTNBMHhlNmM2MWFmNWM1ZGZhMmQwJTIxMnNHZWxhdGFyaWElMjUyMFNpbmNlbG8lMjE1ZTAlMjEzbTIlMjExc2VuJTIxMnNwdCUyMTR2MTYyNjc3NTIyMDYxMCUyMTVtMiUyMTFzZXMtRVMlMjEyc3B0JTIyJTIwd2lkdGglM0QlMjI2MDAlMjIlMjBoZWlnaHQlM0QlMjI0NTAlMjIlMjBzdHlsZSUzRCUyMmJvcmRlciUzQTAlM0IlMjIlMjBhbGxvd2Z1bGxzY3JlZW4lM0QlMjIlMjIlMjBsb2FkaW5nJTNEJTIybGF6eSUyMiUzRSUzQyUyRmlmcmFtZSUzRQ==\u00bb size=\u00bb250&#8243;][\/vc_column_inner][vc_column_inner width=\u00bb1\/3&#8243;][\/vc_column_inner][\/vc_row_inner][vc_row_inner type=\u00bbgrid\u00bb padding_bottom=\u00bb20&#8243;][vc_column_inner][vc_empty_space height=\u00bb40px\u00bb][\/vc_column_inner][\/vc_row_inner][vc_row_inner type=\u00bbgrid\u00bb padding_bottom=\u00bb20&#8243;][vc_column_inner][vc_empty_space height=\u00bb40px\u00bb][\/vc_column_inner][\/vc_row_inner][vc_row_inner type=\u00bbgrid\u00bb padding_top=\u00bb40&#8243;][vc_column_inner width=\u00bb1\/3&#8243;][vc_column_text]<\/p>\n<h5><span style=\"color: #ff9900;\">FARO<\/span><\/h5>\n<p>[\/vc_column_text][\/vc_column_inner][vc_column_inner width=\u00bb1\/3&#8243;][\/vc_column_inner][vc_column_inner width=\u00bb1\/3&#8243;][\/vc_column_inner][\/vc_row_inner][vc_row_inner type=\u00bbgrid\u00bb padding_bottom=\u00bb20&#8243;][vc_column_inner][vc_empty_space height=\u00bb40px\u00bb][\/vc_column_inner][\/vc_row_inner][vc_row_inner padding_top=\u00bb0&#8243; padding_bottom=\u00bb40&#8243;][vc_column_inner width=\u00bb1\/3&#8243;][vc_column_text]<strong>Punto de recogida<\/strong><br \/>\nSulVenir[\/vc_column_text][vc_empty_space height=\u00bb16px\u00bb][vc_column_text]<strong>Direcci\u00f3n<\/strong><br \/>\nAvenida da Rep\u00fablica\u00a01<br \/>\nFaro[\/vc_column_text][vc_empty_space height=\u00bb16px\u00bb][vc_column_text]<strong>Horario de apertura:<\/strong><br \/>\n09:00 &#8211; 20:00 Lunes a S\u00e1bado<br \/>\n10:00 &#8211; 19:00 Domingo[\/vc_column_text][vc_empty_space height=\u00bb16px\u00bb][\/vc_column_inner][vc_column_inner width=\u00bb1\/3&#8243;][vc_gmaps link=\u00bb#E-8_JTNDaWZyYW1lJTIwc3JjJTNEJTIyaHR0cHMlM0ElMkYlMkZ3d3cuZ29vZ2xlLmNvbSUyRm1hcHMlMkZlbWJlZCUzRnBiJTNEJTIxMW0xNCUyMTFtOCUyMTFtMyUyMTFkMzE4NS42OTMzMzU2OTU2ODIlMjEyZC03LjkzNzA3NzUlMjEzZDM3LjAxNzExMTclMjEzbTIlMjExaTEwMjQlMjEyaTc2OCUyMTRmMTMuMSUyMTNtMyUyMTFtMiUyMTFzMHhkMDU1M2UzOGIyMzdmNjklMjUzQTB4ZmY1ODQxNzNlZmM5NzM3ZSUyMTJzU3VsVmVuaXIlMjE1ZTAlMjEzbTIlMjExc2VzLVBUJTIxMnNwdCUyMTR2MTcxMjI0NTg4MzcxMyUyMTVtMiUyMTFzZXMtUFQlMjEyc3B0JTIyJTIwd2lkdGglM0QlMjI2MDAlMjIlMjBoZWlnaHQlM0QlMjI0NTAlMjIlMjBzdHlsZSUzRCUyMmJvcmRlciUzQTAlM0IlMjIlMjBhbGxvd2Z1bGxzY3JlZW4lM0QlMjIlMjIlMjBsb2FkaW5nJTNEJTIybGF6eSUyMiUyMHJlZmVycmVycG9saWN5JTNEJTIybm8tcmVmZXJyZXItd2hlbi1kb3duZ3JhZGUlMjIlM0UlM0MlMkZpZnJhbWUlM0U=\u00bb size=\u00bb250&#8243;][\/vc_column_inner][vc_column_inner width=\u00bb1\/3&#8243;][\/vc_column_inner][\/vc_row_inner][vc_row_inner type=\u00bbgrid\u00bb padding_bottom=\u00bb20&#8243;][vc_column_inner][vc_empty_space height=\u00bb40px\u00bb][\/vc_column_inner][\/vc_row_inner][vc_row_inner type=\u00bbgrid\u00bb padding_bottom=\u00bb20&#8243;][vc_column_inner][vc_empty_space height=\u00bb40px\u00bb][\/vc_column_inner][\/vc_row_inner][vc_row_inner type=\u00bbgrid\u00bb padding_top=\u00bb40&#8243;][vc_column_inner width=\u00bb1\/3&#8243;][vc_column_text]<\/p>\n<h5><span style=\"color: #ff9900;\">AZORES<\/span><\/h5>\n<p>[\/vc_column_text][\/vc_column_inner][vc_column_inner width=\u00bb1\/3&#8243;][\/vc_column_inner][vc_column_inner width=\u00bb1\/3&#8243;][\/vc_column_inner][\/vc_row_inner][vc_row_inner type=\u00bbgrid\u00bb padding_bottom=\u00bb20&#8243;][vc_column_inner][vc_empty_space height=\u00bb40px\u00bb][\/vc_column_inner][\/vc_row_inner][vc_row_inner padding_top=\u00bb0&#8243; padding_bottom=\u00bb40&#8243;][vc_column_inner width=\u00bb1\/3&#8243;][vc_column_text]<strong>Punto de recogida<\/strong><br \/>\nAeropuerto de Ponta Delgada &#8211; Azorean Gift Shop[\/vc_column_text][vc_empty_space height=\u00bb16px\u00bb][vc_column_text]<strong>Ubicaci\u00f3n<\/strong><\/p>\n<p>Lobby de Llegada<\/p>\n<p>(tiendas a la izquierda despu\u00e9s del control aduanero)[\/vc_column_text][vc_empty_space height=\u00bb16px\u00bb][vc_column_text]<strong>Horario de apertura:<\/strong><\/p>\n<p>05:30 &#8211; 20:30 Cada d\u00eda[\/vc_column_text][vc_empty_space height=\u00bb16px\u00bb][\/vc_column_inner][vc_column_inner width=\u00bb1\/3&#8243;][vc_gmaps link=\u00bb#E-8_JTNDaWZyYW1lJTIwc3JjJTNEJTIyaHR0cHMlM0ElMkYlMkZ3d3cuZ29vZ2xlLmNvbSUyRm1hcHMlMkZlbWJlZCUzRnBiJTNEJTIxMW0xNCUyMTFtOCUyMTFtMyUyMTFkMTI2MTguOTMzNjk2NTEzMjg2JTIxMmQtMjUuNzI4MDM1MiUyMTNkMzcuNzQ5Mzk3NyUyMTNtMiUyMTFpMTAyNCUyMTJpNzY4JTIxNGYxMy4xJTIxM20zJTIxMW0yJTIxMXMweGI0MzJiMDJjOWY1NjVmZiUyNTNBMHg1ZDZmNGVhZTY4NjM1Y2Q5JTIxMnNBem9yZWFuJTI1MjBHaWZ0JTI1MjBTaG9wJTIxNWUwJTIxM20yJTIxMXNlcy1QVCUyMTJzcHQlMjE0djE2ODEzODQxMDQxOTMlMjE1bTIlMjExc2VzLVBUJTIxMnNwdCUyMiUyMHdpZHRoJTNEJTIyNjAwJTIyJTIwaGVpZ2h0JTNEJTIyNDUwJTIyJTIwc3R5bGUlM0QlMjJib3JkZXIlM0EwJTNCJTIyJTIwYWxsb3dmdWxsc2NyZWVuJTNEJTIyJTIyJTIwbG9hZGluZyUzRCUyMmxhenklMjIlMjByZWZlcnJlcnBvbGljeSUzRCUyMm5vLXJlZmVycmVyLXdoZW4tZG93bmdyYWRlJTIyJTNFJTNDJTJGaWZyYW1lJTNF\u00bb size=\u00bb250&#8243;][\/vc_column_inner][vc_column_inner width=\u00bb1\/3&#8243;][\/vc_column_inner][\/vc_row_inner][vc_row_inner type=\u00bbgrid\u00bb padding_bottom=\u00bb20&#8243;][vc_column_inner][vc_empty_space height=\u00bb40px\u00bb][\/vc_column_inner][\/vc_row_inner][vc_row_inner padding_top=\u00bb0&#8243; padding_bottom=\u00bb40&#8243;][vc_column_inner width=\u00bb1\/3&#8243;][vc_column_text]<strong>Punto de recogida<\/strong><br \/>\nAngraCar ExpressGlass[\/vc_column_text][vc_empty_space height=\u00bb16px\u00bb][vc_column_text]<strong>Direcci\u00f3n<\/strong><br \/>\nAtalaia 6 &#8211; Ribeirinha<br \/>\nAngra do Hero\u00edsmo[\/vc_column_text][vc_empty_space height=\u00bb16px\u00bb][vc_column_text]<strong>Horario de apertura:<\/strong><\/p>\n<p>09:00 \u2013 12:30; 13:30 \u2013 18:00 Lunes a Viernes<\/p>\n<p>Cerrado los Fines de Semana y D\u00edas Festivos[\/vc_column_text][vc_empty_space height=\u00bb16px\u00bb][\/vc_column_inner][vc_column_inner width=\u00bb1\/3&#8243;][vc_gmaps link=\u00bb#E-8_JTNDaWZyYW1lJTIwc3JjJTNEJTIyaHR0cHMlM0ElMkYlMkZ3d3cuZ29vZ2xlLmNvbSUyRm1hcHMlMkZlbWJlZCUzRnBiJTNEJTIxMW0xNCUyMTFtOCUyMTFtMyUyMTFkMjk0MC44NjYyNTU4MDkxNzMzJTIxMmQtMjcuMTkzMDEzOTkwNzY1ODY2JTIxM2QzOC42NTQ4NzMyMDY4MTI5OTQlMjEzbTIlMjExaTEwMjQlMjEyaTc2OCUyMTRmMTMuMSUyMTNtMyUyMTFtMiUyMTFzMHgwJTI1M0EweGM1ZDNmN2Q4N2I2NzdmZTglMjEyc0V4cHJlc3NHbGFzcyUyNTIwQSUyNUMzJTI1QTdvcmVzJTI1MjAlMjU3QyUyNTIwVGVyY2VpcmElMjE1ZTAlMjEzbTIlMjExc2VzLVBUJTIxMnNwdCUyMTR2MTY2NzM4MzYyOTgzNyUyMTVtMiUyMTFzZXMtUFQlMjEyc3B0JTIyJTIwd2lkdGglM0QlMjI2MDAlMjIlMjBoZWlnaHQlM0QlMjI0NTAlMjIlMjBzdHlsZSUzRCUyMmJvcmRlciUzQTAlM0IlMjIlMjBhbGxvd2Z1bGxzY3JlZW4lM0QlMjIlMjIlMjBsb2FkaW5nJTNEJTIybGF6eSUyMiUyMHJlZmVycmVycG9saWN5JTNEJTIybm8tcmVmZXJyZXItd2hlbi1kb3duZ3JhZGUlMjIlM0UlM0MlMkZpZnJhbWUlM0U=\u00bb size=\u00bb250&#8243;][\/vc_column_inner][vc_column_inner width=\u00bb1\/3&#8243;][\/vc_column_inner][\/vc_row_inner][vc_row_inner type=\u00bbgrid\u00bb padding_bottom=\u00bb20&#8243;][vc_column_inner][vc_empty_space height=\u00bb40px\u00bb][\/vc_column_inner][\/vc_row_inner][\/vc_column][\/vc_row][vc_row type=\u00bbgrid\u00bb background_color=\u00bb#ffffff\u00bb padding_top=\u00bb50&#8243; padding_bottom=\u00bb50&#8243;][vc_column][vc_row_inner type=\u00bbgrid\u00bb padding_bottom=\u00bb20&#8243;][vc_column_inner][vc_column_text]<\/p>\n<h2>TENGA EN CUENTA:<\/h2>\n<p>[\/vc_column_text][vc_empty_space height=\u00bb20px\u00bb][vc_column_text]Los alquileres de \u00ab\u00faltimo minuto\u00bb tienen un <strong>costo adicional de 10\u20ac<\/strong>.<br \/>\nLa recogida de \u00ab\u00faltimo minuto\u00bb s\u00f3lo est\u00e1 disponible en los puntos de recogida anteriores.<br \/>\nPara recoger el Wifi port\u00e1til o la tarjeta SIM, primero debe completar su pedido aqu\u00ed y llevar el correo electr\u00f3nico de confirmaci\u00f3n del pedido con usted al punto de recogida de \u00ab\u00faltimo minuto\u00bb.[\/vc_column_text][\/vc_column_inner][\/vc_row_inner][\/vc_column][\/vc_row]<\/p>","protected":false},"excerpt":{"rendered":"<p>[vc_row type=\u00bbgrid\u00bb background_color=\u00bb#ffffff\u00bb padding_top=\u00bb150&#8243; padding_bottom=\u00bb10&#8243;][vc_column][vc_row_inner type=\u00bbgrid\u00bb padding_bottom=\u00bb60&#8243;][vc_column_inner][vc_column_text] ALQUILER DE \u201c\u00daLTIMO MINUTO\u201d &nbsp; Necesitamos generalmente 1 o 2 d\u00edas laborales para el proceso, el env\u00edo y la entrega. Si necesita del servicio antes, tiene disponible esta opci\u00f3n de \u00ab\u00faltimo minuto\u00bb.[\/vc_column_text][vc_empty_space height=\u00bb60px\u00bb][\/vc_column_inner][\/vc_row_inner][vc_row_inner type=\u00bbgrid\u00bb padding_bottom=\u00bb20&#8243;][vc_column_inner][vc_column_text] \u00bfC\u00d3MO HACER UN&#8230;<\/p>\n","protected":false},"author":1,"featured_media":0,"parent":0,"menu_order":0,"comment_status":"closed","ping_status":"closed","template":"full_width.php","meta":{"_et_pb_use_builder":"","_et_pb_old_content":"","_et_gb_content_width":"","_monsterinsights_skip_tracking":false,"_monsterinsights_sitenote_active":false,"_monsterinsights_sitenote_note":"","_monsterinsights_sitenote_category":0},"yoast_head":"<!-- This site is optimized with the Yoast SEO plugin v19.13 - https:\/\/yoast.com\/wordpress\/plugins\/seo\/ -->\n<title>Get Internet in Portugal - Internet for your travel \u00daLTIMO MINUTO<\/title>\n<meta name=\"robots\" content=\"index, follow, max-snippet:-1, max-image-preview:large, max-video-preview:-1\" \/>\n<link rel=\"canonical\" href=\"https:\/\/www.portugalinternet.com\/es\/last-minute\/\" \/>\n<meta property=\"og:locale\" content=\"es_ES\" \/>\n<meta property=\"og:type\" content=\"article\" \/>\n<meta property=\"og:title\" content=\"Get Internet in Portugal - Internet for your travel\" \/>\n<meta property=\"og:description\" content=\"[vc_row type=\u00bbgrid\u00bb background_color=\u00bb#ffffff\u00bb padding_top=\u00bb150&#8243; padding_bottom=\u00bb10&#8243;][vc_column][vc_row_inner type=\u00bbgrid\u00bb padding_bottom=\u00bb60&#8243;][vc_column_inner][vc_column_text] ALQUILER DE \u201c\u00daLTIMO MINUTO\u201d &nbsp; Necesitamos generalmente 1 o 2 d\u00edas laborales para el proceso, el env\u00edo y la entrega. Si necesita del servicio antes, tiene disponible esta opci\u00f3n de \u00ab\u00faltimo minuto\u00bb.[\/vc_column_text][vc_empty_space height=\u00bb60px\u00bb][\/vc_column_inner][\/vc_row_inner][vc_row_inner type=\u00bbgrid\u00bb padding_bottom=\u00bb20&#8243;][vc_column_inner][vc_column_text] \u00bfC\u00d3MO HACER UN...\" \/>\n<meta property=\"og:url\" content=\"https:\/\/www.portugalinternet.com\/last-minute\/\" \/>\n<meta property=\"og:site_name\" content=\"Get Internet in Portugal - Internet for your travel\" \/>\n<meta property=\"article:publisher\" content=\"https:\/\/www.facebook.com\/portugalinternet\" \/>\n<meta property=\"article:modified_time\" content=\"2025-12-26T15:17:51+00:00\" \/>\n<meta property=\"og:image\" content=\"http:\/\/www.portugalinternet.com\/app\/uploads\/PortugalInternet-40.png\" \/>\n\t<meta property=\"og:image:width\" content=\"116\" \/>\n\t<meta property=\"og:image:height\" content=\"40\" \/>\n\t<meta property=\"og:image:type\" content=\"image\/png\" \/>\n<meta name=\"twitter:card\" content=\"summary_large_image\" \/>\n<meta name=\"twitter:title\" content=\"twiter title\" \/>\n<meta name=\"twitter:description\" content=\"twitter description\" \/>\n<meta name=\"twitter:image\" content=\"https:\/\/www.portugalinternet.com\/app\/uploads\/PortugalInternet-40.png\" \/>\n<meta name=\"twitter:label1\" content=\"Est. reading time\" \/>\n\t<meta name=\"twitter:data1\" content=\"2 minutos\" \/>\n<script type=\"application\/ld+json\" class=\"yoast-schema-graph\">{\"@context\":\"https:\/\/schema.org\",\"@graph\":[{\"@type\":\"WebPage\",\"@id\":\"https:\/\/www.portugalinternet.com\/last-minute\/\",\"url\":\"https:\/\/www.portugalinternet.com\/last-minute\/\",\"name\":\"Get Internet in Portugal - Internet for your travel [:en]Last Minute[:es]\u00daLTIMO MINUTO[:fr]DERNI\u00c8RE MINUTE[:pt]\u00daLTIMA HORA[:br]\u00daLTIMA HORA[:]\",\"isPartOf\":{\"@id\":\"https:\/\/www.portugalinternet.com\/br\/#website\"},\"datePublished\":\"2018-02-28T11:57:59+00:00\",\"dateModified\":\"2025-12-26T15:17:51+00:00\",\"breadcrumb\":{\"@id\":\"https:\/\/www.portugalinternet.com\/last-minute\/#breadcrumb\"},\"inLanguage\":\"es\",\"potentialAction\":[{\"@type\":\"ReadAction\",\"target\":[\"https:\/\/www.portugalinternet.com\/last-minute\/\"]}]},{\"@type\":\"BreadcrumbList\",\"@id\":\"https:\/\/www.portugalinternet.com\/last-minute\/#breadcrumb\",\"itemListElement\":[{\"@type\":\"ListItem\",\"position\":1,\"name\":\"Home\",\"item\":\"https:\/\/www.portugalinternet.com\/\"},{\"@type\":\"ListItem\",\"position\":2,\"name\":\"Last Minute\"}]},{\"@type\":\"WebSite\",\"@id\":\"https:\/\/www.portugalinternet.com\/br\/#website\",\"url\":\"https:\/\/www.portugalinternet.com\/br\/\",\"name\":\"Portugal Internet\",\"description\":\"If you want to access the Internet in Portugal during your trip, here&#039;s a low cost and convenient solution to get internet everywhere. Learn more.\",\"publisher\":{\"@id\":\"https:\/\/www.portugalinternet.com\/br\/#organization\"},\"potentialAction\":[{\"@type\":\"SearchAction\",\"target\":{\"@type\":\"EntryPoint\",\"urlTemplate\":\"https:\/\/www.portugalinternet.com\/br\/?s={search_term_string}\"},\"query-input\":\"required name=search_term_string\"}],\"inLanguage\":\"es\"},{\"@type\":\"Organization\",\"@id\":\"https:\/\/www.portugalinternet.com\/br\/#organization\",\"name\":\"Portugal Internet\",\"url\":\"https:\/\/www.portugalinternet.com\/br\/\",\"logo\":{\"@type\":\"ImageObject\",\"inLanguage\":\"es\",\"@id\":\"https:\/\/www.portugalinternet.com\/br\/#\/schema\/logo\/image\/\",\"url\":\"https:\/\/www.portugalinternet.com\/app\/uploads\/main_logo_100_final.png\",\"contentUrl\":\"https:\/\/www.portugalinternet.com\/app\/uploads\/main_logo_100_final.png\",\"width\":166,\"height\":58,\"caption\":\"Portugal Internet\"},\"image\":{\"@id\":\"https:\/\/www.portugalinternet.com\/br\/#\/schema\/logo\/image\/\"},\"sameAs\":[\"https:\/\/www.instagram.com\/portugalinternet\/\",\"https:\/\/www.facebook.com\/portugalinternet\"]}]}<\/script>\n<!-- \/ Yoast SEO plugin. -->","yoast_head_json":{"title":"Get Internet in Portugal - Internet for your travel [:en]Last Minute[:es]\u00daLTIMO MINUTO[:fr]DERNI\u00c8RE MINUTE[:pt]\u00daLTIMA HORA[:br]\u00daLTIMA HORA[:]","robots":{"index":"index","follow":"follow","max-snippet":"max-snippet:-1","max-image-preview":"max-image-preview:large","max-video-preview":"max-video-preview:-1"},"canonical":"https:\/\/www.portugalinternet.com\/es\/last-minute\/","og_locale":"es_ES","og_type":"article","og_title":"Get Internet in Portugal - Internet for your travel","og_description":"[vc_row type=\u00bbgrid\u00bb background_color=\u00bb#ffffff\u00bb padding_top=\u00bb150&#8243; padding_bottom=\u00bb10&#8243;][vc_column][vc_row_inner type=\u00bbgrid\u00bb padding_bottom=\u00bb60&#8243;][vc_column_inner][vc_column_text] ALQUILER DE \u201c\u00daLTIMO MINUTO\u201d &nbsp; Necesitamos generalmente 1 o 2 d\u00edas laborales para el proceso, el env\u00edo y la entrega. Si necesita del servicio antes, tiene disponible esta opci\u00f3n de \u00ab\u00faltimo minuto\u00bb.[\/vc_column_text][vc_empty_space height=\u00bb60px\u00bb][\/vc_column_inner][\/vc_row_inner][vc_row_inner type=\u00bbgrid\u00bb padding_bottom=\u00bb20&#8243;][vc_column_inner][vc_column_text] \u00bfC\u00d3MO HACER UN...","og_url":"https:\/\/www.portugalinternet.com\/last-minute\/","og_site_name":"Get Internet in Portugal - Internet for your travel","article_publisher":"https:\/\/www.facebook.com\/portugalinternet","article_modified_time":"2025-12-26T15:17:51+00:00","og_image":[{"width":116,"height":40,"url":"http:\/\/www.portugalinternet.com\/app\/uploads\/PortugalInternet-40.png","type":"image\/png"}],"twitter_card":"summary_large_image","twitter_title":"twiter title","twitter_description":"twitter description","twitter_image":"https:\/\/www.portugalinternet.com\/app\/uploads\/PortugalInternet-40.png","twitter_misc":{"Est. reading time":"2 minutos"},"schema":{"@context":"https:\/\/schema.org","@graph":[{"@type":"WebPage","@id":"https:\/\/www.portugalinternet.com\/last-minute\/","url":"https:\/\/www.portugalinternet.com\/last-minute\/","name":"Get Internet in Portugal - Internet for your travel [:en]Last Minute[:es]\u00daLTIMO MINUTO[:fr]DERNI\u00c8RE MINUTE[:pt]\u00daLTIMA HORA[:br]\u00daLTIMA HORA[:]","isPartOf":{"@id":"https:\/\/www.portugalinternet.com\/br\/#website"},"datePublished":"2018-02-28T11:57:59+00:00","dateModified":"2025-12-26T15:17:51+00:00","breadcrumb":{"@id":"https:\/\/www.portugalinternet.com\/last-minute\/#breadcrumb"},"inLanguage":"es","potentialAction":[{"@type":"ReadAction","target":["https:\/\/www.portugalinternet.com\/last-minute\/"]}]},{"@type":"BreadcrumbList","@id":"https:\/\/www.portugalinternet.com\/last-minute\/#breadcrumb","itemListElement":[{"@type":"ListItem","position":1,"name":"Home","item":"https:\/\/www.portugalinternet.com\/"},{"@type":"ListItem","position":2,"name":"Last Minute"}]},{"@type":"WebSite","@id":"https:\/\/www.portugalinternet.com\/br\/#website","url":"https:\/\/www.portugalinternet.com\/br\/","name":"Portugal Internet","description":"If you want to access the Internet in Portugal during your trip, here&#039;s a low cost and convenient solution to get internet everywhere. Learn more.","publisher":{"@id":"https:\/\/www.portugalinternet.com\/br\/#organization"},"potentialAction":[{"@type":"SearchAction","target":{"@type":"EntryPoint","urlTemplate":"https:\/\/www.portugalinternet.com\/br\/?s={search_term_string}"},"query-input":"required name=search_term_string"}],"inLanguage":"es"},{"@type":"Organization","@id":"https:\/\/www.portugalinternet.com\/br\/#organization","name":"Portugal Internet","url":"https:\/\/www.portugalinternet.com\/br\/","logo":{"@type":"ImageObject","inLanguage":"es","@id":"https:\/\/www.portugalinternet.com\/br\/#\/schema\/logo\/image\/","url":"https:\/\/www.portugalinternet.com\/app\/uploads\/main_logo_100_final.png","contentUrl":"https:\/\/www.portugalinternet.com\/app\/uploads\/main_logo_100_final.png","width":166,"height":58,"caption":"Portugal Internet"},"image":{"@id":"https:\/\/www.portugalinternet.com\/br\/#\/schema\/logo\/image\/"},"sameAs":["https:\/\/www.instagram.com\/portugalinternet\/","https:\/\/www.facebook.com\/portugalinternet"]}]}},"_links":{"self":[{"href":"https:\/\/www.portugalinternet.com\/es\/wp-json\/wp\/v2\/pages\/23596"}],"collection":[{"href":"https:\/\/www.portugalinternet.com\/es\/wp-json\/wp\/v2\/pages"}],"about":[{"href":"https:\/\/www.portugalinternet.com\/es\/wp-json\/wp\/v2\/types\/page"}],"author":[{"embeddable":true,"href":"https:\/\/www.portugalinternet.com\/es\/wp-json\/wp\/v2\/users\/1"}],"replies":[{"embeddable":true,"href":"https:\/\/www.portugalinternet.com\/es\/wp-json\/wp\/v2\/comments?post=23596"}],"version-history":[{"count":277,"href":"https:\/\/www.portugalinternet.com\/es\/wp-json\/wp\/v2\/pages\/23596\/revisions"}],"predecessor-version":[{"id":27131,"href":"https:\/\/www.portugalinternet.com\/es\/wp-json\/wp\/v2\/pages\/23596\/revisions\/27131"}],"wp:attachment":[{"href":"https:\/\/www.portugalinternet.com\/es\/wp-json\/wp\/v2\/media?parent=23596"}],"curies":[{"name":"wp","href":"https:\/\/api.w.org\/{rel}","templated":true}]}}